{"id":13635,"date":"2023-08-22T15:00:59","date_gmt":"2023-08-22T13:00:59","guid":{"rendered":"https:\/\/optimix.fr\/?page_id=13635"},"modified":"2023-09-08T17:32:28","modified_gmt":"2023-09-08T15:32:28","slug":"paris-retail-week-atelier-boulanger","status":"publish","type":"page","link":"https:\/\/optimix-software.com\/fr\/paris-retail-week-atelier-boulanger\/","title":{"rendered":"Paris Retail Week 2023"},"content":{"rendered":"\t\t<div data-elementor-type=\"wp-page\" data-elementor-id=\"13635\" class=\"elementor elementor-13635\" data-elementor-post-type=\"page\">\n\t\t\t\t<div class=\"elementor-element elementor-element-71ca8177 e-flex e-con-boxed wpr-particle-no wpr-jarallax-no wpr-parallax-no wpr-sticky-section-no e-con e-parent\" data-id=\"71ca8177\" data-element_type=\"container\" data-e-type=\"container\">\n\t\t\t\t\t<div class=\"e-con-inner\">\n\t\t<div class=\"elementor-element elementor-element-4846d75a e-flex e-con-boxed wpr-particle-no wpr-jarallax-no wpr-parallax-no wpr-sticky-section-no e-con e-parent\" data-id=\"4846d75a\" data-element_type=\"container\" data-e-type=\"container\">\n\t\t\t\t\t<div class=\"e-con-inner\">\n\t\t<div class=\"elementor-element elementor-element-d34bfa5 e-flex e-con-boxed wpr-particle-no wpr-jarallax-no wpr-parallax-no wpr-sticky-section-no e-con e-parent\" data-id=\"d34bfa5\" data-element_type=\"container\" data-e-type=\"container\">\n\t\t\t\t\t<div class=\"e-con-inner\">\n\t\t\t\t<div class=\"elementor-element elementor-element-6537df2 elementor-widget elementor-widget-heading\" data-id=\"6537df2\" data-element_type=\"widget\" data-e-type=\"widget\" data-widget_type=\"heading.default\">\n\t\t\t\t<div class=\"elementor-widget-container\">\n\t\t\t\t\t<h1 class=\"elementor-heading-title elementor-size-default\">Paris Retail Week 2023<\/h1>\t\t\t\t<\/div>\n\t\t\t\t<\/div>\n\t\t\t\t<div class=\"elementor-element elementor-element-b47d66f elementor-widget elementor-widget-heading\" data-id=\"b47d66f\" data-element_type=\"widget\" data-e-type=\"widget\" data-widget_type=\"heading.default\">\n\t\t\t\t<div class=\"elementor-widget-container\">\n\t\t\t\t\t<h2 class=\"elementor-heading-title elementor-size-default\">Retour d'exp\u00e9rience client<\/h2>\t\t\t\t<\/div>\n\t\t\t\t<\/div>\n\t\t\t\t\t<\/div>\n\t\t\t\t<\/div>\n\t\t\t\t<div class=\"elementor-element elementor-element-4834e77a elementor-widget elementor-widget-text-editor\" data-id=\"4834e77a\" data-element_type=\"widget\" data-e-type=\"widget\" data-widget_type=\"text-editor.default\">\n\t\t\t\t<div class=\"elementor-widget-container\">\n\t\t\t\t\t\t\t\t\t<p class=\"p1\">Paris Retail Week, qui se tiendra du 19 au 21 septembre \u00e0 Paris Porte de Versailles, est LE grand rendez-vous europ\u00e9en qui r\u00e9unit tous les acteurs du secteur.<\/p><p class=\"p1\">Optimix organise avec son client\u00a0<span style=\"color: #ff6600;\"><b>Boulanger<\/b><\/span>,\u00a0 un atelier Retour d\u2019exp\u00e9rience pour vous expliquer :<\/p><p class=\"p1\" style=\"text-align: center;\"><strong>La conduite du changement face \u00e0 la diversification de la concurrence ?<\/strong><\/p><p><span role=\"image\" aria-label=\"\ud83d\uddd3\">\ud83d\uddd3<\/span>\u00a0<span style=\"color: #ff6600;\"><strong>Mercredi 20 Septembre \u00e0 10h<\/strong><\/span><\/p><p><span role=\"image\" aria-label=\"\ud83d\udccd\">\ud83d\udccd Salle atelier 4<\/span><\/p><p>\u23f0 10:00\u00a0<i class=\"fas fa-long-arrow-alt-right\"><\/i>\u00a011:00<\/p><p><span style=\"color: #ff6600;\"><strong>ATTENTION : 50 places disponibles !<\/strong><\/span><\/p><p>Ne manquez pas cette opportunit\u00e9, remplissez d\u00e8s maintenant notre formulaire d\u2019inscription pour suivre cet \u00e9v\u00e9nement.<\/p>\t\t\t\t\t\t\t\t<\/div>\n\t\t\t\t<\/div>\n\t\t\t\t\t<\/div>\n\t\t\t\t<\/div>\n\t\t<div class=\"elementor-element elementor-element-c0c1650 e-flex e-con-boxed wpr-particle-no wpr-jarallax-no wpr-parallax-no wpr-sticky-section-no e-con e-parent\" data-id=\"c0c1650\" data-element_type=\"container\" data-e-type=\"container\" data-settings=\"{&quot;background_background&quot;:&quot;classic&quot;}\">\n\t\t\t\t\t<div class=\"e-con-inner\">\n\t\t\t\t<div class=\"elementor-element elementor-element-ea8f820 elementor-widget elementor-widget-html\" data-id=\"ea8f820\" data-element_type=\"widget\" data-e-type=\"widget\" data-widget_type=\"html.default\">\n\t\t\t\t<div class=\"elementor-widget-container\">\n\t\t\t\t\t<div class=\"pipedriveWebForms\" data-pd-webforms=\"https:\/\/webforms.pipedrive.com\/f\/cehN14I3N4EOO7NhxicLUSrtL3FkcyL6HBnsAjdAS8k6RPu5ohYiIOwgv6aHSlNxWr\"><script src=\"https:\/\/webforms.pipedrive.com\/f\/loader\"><\/script><\/div>\t\t\t\t<\/div>\n\t\t\t\t<\/div>\n\t\t<div class=\"elementor-element elementor-element-478ff3eb e-con-full e-flex wpr-particle-no wpr-jarallax-no wpr-parallax-no wpr-sticky-section-no e-con e-parent\" data-id=\"478ff3eb\" data-element_type=\"container\" data-e-type=\"container\">\n\t\t\t\t<div class=\"elementor-element elementor-element-c5494cc elementor-widget elementor-widget-image\" data-id=\"c5494cc\" data-element_type=\"widget\" data-e-type=\"widget\" data-widget_type=\"image.default\">\n\t\t\t\t<div class=\"elementor-widget-container\">\n\t\t\t\t\t\t\t\t\t\t\t\t\t\t\t<img fetchpriority=\"high\" decoding=\"async\" width=\"768\" height=\"414\" src=\"https:\/\/optimix-software.com\/wp-content\/uploads\/prw2023-conference-768x414.webp\" class=\"attachment-medium_large size-medium_large wp-image-13636\" alt=\"\" srcset=\"https:\/\/optimix-software.com\/wp-content\/uploads\/prw2023-conference-768x414.webp 768w, https:\/\/optimix-software.com\/wp-content\/uploads\/prw2023-conference-600x323.webp 600w, https:\/\/optimix-software.com\/wp-content\/uploads\/prw2023-conference.webp 1280w\" sizes=\"(max-width: 768px) 100vw, 768px\" \/>\t\t\t\t\t\t\t\t\t\t\t\t\t\t\t<\/div>\n\t\t\t\t<\/div>\n\t\t\t\t<\/div>\n\t\t\t\t\t<\/div>\n\t\t\t\t<\/div>\n\t\t\t\t\t<\/div>\n\t\t\t\t<\/div>\n\t\t\t\t<\/div>\n\t\t","protected":false},"excerpt":{"rendered":"<p>Optimix organise avec son client Boulanger,  un atelier Retour d\u2019exp\u00e9rience pour vous expliquer la conduite du changement face \u00e0 la diversification de la concurrence ?<\/p>\n","protected":false},"author":16,"featured_media":0,"parent":0,"menu_order":0,"comment_status":"closed","ping_status":"closed","template":"","meta":{"_eb_attr":"","content-type":"","footnotes":""},"class_list":["post-13635","page","type-page","status-publish","hentry"],"yoast_head":"<!-- This site is optimized with the Yoast SEO Premium plugin v22.8 (Yoast SEO v27.2) - https:\/\/yoast.com\/product\/yoast-seo-premium-wordpress\/ -->\n<title>Paris Retail Week 2023<\/title>\n<meta name=\"description\" content=\"Rendez-vous le 20 septembre \u00e0 la Paris Retail Week 2023 pour un atelier Retour d&#039;exp\u00e9rience client avec Boulanger, inscrivez vous d\u00e8s maintenant !\" \/>\n<meta name=\"robots\" content=\"index, follow, max-snippet:-1, max-image-preview:large, max-video-preview:-1\" \/>\n<link rel=\"canonical\" href=\"https:\/\/optimix-software.com\/fr\/paris-retail-week-atelier-boulanger\/\" \/>\n<meta property=\"og:locale\" content=\"fr_FR\" \/>\n<meta property=\"og:type\" content=\"article\" \/>\n<meta property=\"og:title\" content=\"Paris Retail Week 2023\" \/>\n<meta property=\"og:description\" content=\"Rendez-vous le 20 septembre \u00e0 la Paris Retail Week 2023 pour un atelier Retour d&#039;exp\u00e9rience client avec Boulanger, inscrivez vous d\u00e8s maintenant !\" \/>\n<meta property=\"og:url\" content=\"https:\/\/optimix-software.com\/fr\/paris-retail-week-atelier-boulanger\/\" \/>\n<meta property=\"og:site_name\" content=\"Optimix Solutions\" \/>\n<meta property=\"article:modified_time\" content=\"2023-09-08T15:32:28+00:00\" \/>\n<meta property=\"og:image\" content=\"https:\/\/optimix.fr\/wp-content\/uploads\/prw2023-conference-768x414.webp\" \/>\n<meta name=\"twitter:card\" content=\"summary_large_image\" \/>\n<meta name=\"twitter:label1\" content=\"Dur\u00e9e de lecture estim\u00e9e\" \/>\n\t<meta name=\"twitter:data1\" content=\"1 minute\" \/>\n<script type=\"application\/ld+json\" class=\"yoast-schema-graph\">{\"@context\":\"https:\/\/schema.org\",\"@graph\":[{\"@type\":\"WebPage\",\"@id\":\"https:\/\/optimix-software.com\/fr\/paris-retail-week-atelier-boulanger\/\",\"url\":\"https:\/\/optimix-software.com\/fr\/paris-retail-week-atelier-boulanger\/\",\"name\":\"Paris Retail Week 2023\",\"isPartOf\":{\"@id\":\"https:\/\/optimix-software.com\/fr\/#website\"},\"primaryImageOfPage\":{\"@id\":\"https:\/\/optimix-software.com\/fr\/paris-retail-week-atelier-boulanger\/#primaryimage\"},\"image\":{\"@id\":\"https:\/\/optimix-software.com\/fr\/paris-retail-week-atelier-boulanger\/#primaryimage\"},\"thumbnailUrl\":\"https:\/\/optimix.fr\/wp-content\/uploads\/prw2023-conference-768x414.webp\",\"datePublished\":\"2023-08-22T13:00:59+00:00\",\"dateModified\":\"2023-09-08T15:32:28+00:00\",\"description\":\"Rendez-vous le 20 septembre \u00e0 la Paris Retail Week 2023 pour un atelier Retour d'exp\u00e9rience client avec Boulanger, inscrivez vous d\u00e8s maintenant !\",\"breadcrumb\":{\"@id\":\"https:\/\/optimix-software.com\/fr\/paris-retail-week-atelier-boulanger\/#breadcrumb\"},\"inLanguage\":\"fr-FR\",\"potentialAction\":[{\"@type\":\"ReadAction\",\"target\":[\"https:\/\/optimix-software.com\/fr\/paris-retail-week-atelier-boulanger\/\"]}]},{\"@type\":\"ImageObject\",\"inLanguage\":\"fr-FR\",\"@id\":\"https:\/\/optimix-software.com\/fr\/paris-retail-week-atelier-boulanger\/#primaryimage\",\"url\":\"https:\/\/optimix.fr\/wp-content\/uploads\/prw2023-conference-768x414.webp\",\"contentUrl\":\"https:\/\/optimix.fr\/wp-content\/uploads\/prw2023-conference-768x414.webp\"},{\"@type\":\"BreadcrumbList\",\"@id\":\"https:\/\/optimix-software.com\/fr\/paris-retail-week-atelier-boulanger\/#breadcrumb\",\"itemListElement\":[{\"@type\":\"ListItem\",\"position\":1,\"name\":\"Accueil\",\"item\":\"https:\/\/optimix-software.com\/fr\/\"},{\"@type\":\"ListItem\",\"position\":2,\"name\":\"Paris Retail Week 2023\"}]},{\"@type\":\"WebSite\",\"@id\":\"https:\/\/optimix-software.com\/fr\/#website\",\"url\":\"https:\/\/optimix-software.com\/fr\/\",\"name\":\"Optimix Solutions\",\"description\":\"Editeur de solutions de Pricing et Supply Chain\",\"publisher\":{\"@id\":\"https:\/\/optimix-software.com\/fr\/#organization\"},\"potentialAction\":[{\"@type\":\"SearchAction\",\"target\":{\"@type\":\"EntryPoint\",\"urlTemplate\":\"https:\/\/optimix-software.com\/fr\/?s={search_term_string}\"},\"query-input\":{\"@type\":\"PropertyValueSpecification\",\"valueRequired\":true,\"valueName\":\"search_term_string\"}}],\"inLanguage\":\"fr-FR\"},{\"@type\":\"Organization\",\"@id\":\"https:\/\/optimix-software.com\/fr\/#organization\",\"name\":\"Optimix Software\",\"url\":\"https:\/\/optimix-software.com\/fr\/\",\"logo\":{\"@type\":\"ImageObject\",\"inLanguage\":\"fr-FR\",\"@id\":\"https:\/\/optimix-software.com\/fr\/#\/schema\/logo\/image\/\",\"url\":\"https:\/\/optimix-software.com\/wp-content\/uploads\/logo-carre-optimix-RETAIL-PERFORMANCE-SOFTWARE.jpg\",\"contentUrl\":\"https:\/\/optimix-software.com\/wp-content\/uploads\/logo-carre-optimix-RETAIL-PERFORMANCE-SOFTWARE.jpg\",\"width\":2001,\"height\":2001,\"caption\":\"Optimix Software\"},\"image\":{\"@id\":\"https:\/\/optimix-software.com\/fr\/#\/schema\/logo\/image\/\"},\"sameAs\":[\"https:\/\/www.linkedin.com\/company\/optimix-ffr\/\"]}]}<\/script>\n<!-- \/ Yoast SEO Premium plugin. -->","yoast_head_json":{"title":"Paris Retail Week 2023","description":"Rendez-vous le 20 septembre \u00e0 la Paris Retail Week 2023 pour un atelier Retour d'exp\u00e9rience client avec Boulanger, inscrivez vous d\u00e8s maintenant !","robots":{"index":"index","follow":"follow","max-snippet":"max-snippet:-1","max-image-preview":"max-image-preview:large","max-video-preview":"max-video-preview:-1"},"canonical":"https:\/\/optimix-software.com\/fr\/paris-retail-week-atelier-boulanger\/","og_locale":"fr_FR","og_type":"article","og_title":"Paris Retail Week 2023","og_description":"Rendez-vous le 20 septembre \u00e0 la Paris Retail Week 2023 pour un atelier Retour d'exp\u00e9rience client avec Boulanger, inscrivez vous d\u00e8s maintenant !","og_url":"https:\/\/optimix-software.com\/fr\/paris-retail-week-atelier-boulanger\/","og_site_name":"Optimix Solutions","article_modified_time":"2023-09-08T15:32:28+00:00","og_image":[{"url":"https:\/\/optimix.fr\/wp-content\/uploads\/prw2023-conference-768x414.webp","type":"","width":"","height":""}],"twitter_card":"summary_large_image","twitter_misc":{"Dur\u00e9e de lecture estim\u00e9e":"1 minute"},"schema":{"@context":"https:\/\/schema.org","@graph":[{"@type":"WebPage","@id":"https:\/\/optimix-software.com\/fr\/paris-retail-week-atelier-boulanger\/","url":"https:\/\/optimix-software.com\/fr\/paris-retail-week-atelier-boulanger\/","name":"Paris Retail Week 2023","isPartOf":{"@id":"https:\/\/optimix-software.com\/fr\/#website"},"primaryImageOfPage":{"@id":"https:\/\/optimix-software.com\/fr\/paris-retail-week-atelier-boulanger\/#primaryimage"},"image":{"@id":"https:\/\/optimix-software.com\/fr\/paris-retail-week-atelier-boulanger\/#primaryimage"},"thumbnailUrl":"https:\/\/optimix.fr\/wp-content\/uploads\/prw2023-conference-768x414.webp","datePublished":"2023-08-22T13:00:59+00:00","dateModified":"2023-09-08T15:32:28+00:00","description":"Rendez-vous le 20 septembre \u00e0 la Paris Retail Week 2023 pour un atelier Retour d'exp\u00e9rience client avec Boulanger, inscrivez vous d\u00e8s maintenant !","breadcrumb":{"@id":"https:\/\/optimix-software.com\/fr\/paris-retail-week-atelier-boulanger\/#breadcrumb"},"inLanguage":"fr-FR","potentialAction":[{"@type":"ReadAction","target":["https:\/\/optimix-software.com\/fr\/paris-retail-week-atelier-boulanger\/"]}]},{"@type":"ImageObject","inLanguage":"fr-FR","@id":"https:\/\/optimix-software.com\/fr\/paris-retail-week-atelier-boulanger\/#primaryimage","url":"https:\/\/optimix.fr\/wp-content\/uploads\/prw2023-conference-768x414.webp","contentUrl":"https:\/\/optimix.fr\/wp-content\/uploads\/prw2023-conference-768x414.webp"},{"@type":"BreadcrumbList","@id":"https:\/\/optimix-software.com\/fr\/paris-retail-week-atelier-boulanger\/#breadcrumb","itemListElement":[{"@type":"ListItem","position":1,"name":"Accueil","item":"https:\/\/optimix-software.com\/fr\/"},{"@type":"ListItem","position":2,"name":"Paris Retail Week 2023"}]},{"@type":"WebSite","@id":"https:\/\/optimix-software.com\/fr\/#website","url":"https:\/\/optimix-software.com\/fr\/","name":"Optimix Solutions","description":"Editeur de solutions de Pricing et Supply Chain","publisher":{"@id":"https:\/\/optimix-software.com\/fr\/#organization"},"potentialAction":[{"@type":"SearchAction","target":{"@type":"EntryPoint","urlTemplate":"https:\/\/optimix-software.com\/fr\/?s={search_term_string}"},"query-input":{"@type":"PropertyValueSpecification","valueRequired":true,"valueName":"search_term_string"}}],"inLanguage":"fr-FR"},{"@type":"Organization","@id":"https:\/\/optimix-software.com\/fr\/#organization","name":"Optimix Software","url":"https:\/\/optimix-software.com\/fr\/","logo":{"@type":"ImageObject","inLanguage":"fr-FR","@id":"https:\/\/optimix-software.com\/fr\/#\/schema\/logo\/image\/","url":"https:\/\/optimix-software.com\/wp-content\/uploads\/logo-carre-optimix-RETAIL-PERFORMANCE-SOFTWARE.jpg","contentUrl":"https:\/\/optimix-software.com\/wp-content\/uploads\/logo-carre-optimix-RETAIL-PERFORMANCE-SOFTWARE.jpg","width":2001,"height":2001,"caption":"Optimix Software"},"image":{"@id":"https:\/\/optimix-software.com\/fr\/#\/schema\/logo\/image\/"},"sameAs":["https:\/\/www.linkedin.com\/company\/optimix-ffr\/"]}]}},"_links":{"self":[{"href":"https:\/\/optimix-software.com\/fr\/wp-json\/wp\/v2\/pages\/13635","targetHints":{"allow":["GET"]}}],"collection":[{"href":"https:\/\/optimix-software.com\/fr\/wp-json\/wp\/v2\/pages"}],"about":[{"href":"https:\/\/optimix-software.com\/fr\/wp-json\/wp\/v2\/types\/page"}],"author":[{"embeddable":true,"href":"https:\/\/optimix-software.com\/fr\/wp-json\/wp\/v2\/users\/16"}],"replies":[{"embeddable":true,"href":"https:\/\/optimix-software.com\/fr\/wp-json\/wp\/v2\/comments?post=13635"}],"version-history":[{"count":0,"href":"https:\/\/optimix-software.com\/fr\/wp-json\/wp\/v2\/pages\/13635\/revisions"}],"wp:attachment":[{"href":"https:\/\/optimix-software.com\/fr\/wp-json\/wp\/v2\/media?parent=13635"}],"curies":[{"name":"wp","href":"https:\/\/api.w.org\/{rel}","templated":true}]}}