{"id":16367,"date":"2023-10-03T14:42:34","date_gmt":"2023-10-03T12:42:34","guid":{"rendered":"https:\/\/optimix.fr\/?page_id=16367"},"modified":"2023-10-17T15:19:08","modified_gmt":"2023-10-17T13:19:08","slug":"supply-chain-event-2023","status":"publish","type":"page","link":"https:\/\/optimix-software.com\/fr\/supply-chain-event-2023\/","title":{"rendered":"Supply Chain Event Paris 2023"},"content":{"rendered":"\t\t<div data-elementor-type=\"wp-page\" data-elementor-id=\"16367\" class=\"elementor elementor-16367\" data-elementor-post-type=\"page\">\n\t\t\t\t<div class=\"elementor-element elementor-element-71ca8177 e-flex e-con-boxed wpr-particle-no wpr-jarallax-no wpr-parallax-no wpr-sticky-section-no e-con e-parent\" data-id=\"71ca8177\" data-element_type=\"container\" data-e-type=\"container\">\n\t\t\t\t\t<div class=\"e-con-inner\">\n\t\t<div class=\"elementor-element elementor-element-4846d75a e-con-full e-flex wpr-particle-no wpr-jarallax-no wpr-parallax-no wpr-sticky-section-no e-con e-child\" data-id=\"4846d75a\" data-element_type=\"container\" data-e-type=\"container\">\n\t\t<div class=\"elementor-element elementor-element-d34bfa5 e-flex e-con-boxed wpr-particle-no wpr-jarallax-no wpr-parallax-no wpr-sticky-section-no e-con e-child\" data-id=\"d34bfa5\" data-element_type=\"container\" data-e-type=\"container\">\n\t\t\t\t\t<div class=\"e-con-inner\">\n\t\t\t\t<div class=\"elementor-element elementor-element-6537df2 elementor-widget elementor-widget-heading\" data-id=\"6537df2\" data-element_type=\"widget\" data-e-type=\"widget\" data-widget_type=\"heading.default\">\n\t\t\t\t<div class=\"elementor-widget-container\">\n\t\t\t\t\t<h1 class=\"elementor-heading-title elementor-size-default\">Supply Chain Event 2023<\/h1>\t\t\t\t<\/div>\n\t\t\t\t<\/div>\n\t\t\t\t\t<\/div>\n\t\t\t\t<\/div>\n\t\t\t\t<div class=\"elementor-element elementor-element-4834e77a elementor-widget elementor-widget-text-editor\" data-id=\"4834e77a\" data-element_type=\"widget\" data-e-type=\"widget\" data-widget_type=\"text-editor.default\">\n\t\t\t\t<div class=\"elementor-widget-container\">\n\t\t\t\t\t\t\t\t\t<p><span style=\"font-size: 19.3528px;\">Nous sommes ravis de vous annoncer que nous serons, \u00e0 nouveau, pr\u00e9sents au <b>Supply Chain Event<\/b> qui se tiendra les 14 et 15 novembre 2023 \u00e0 Paris Porte de Versailles.<\/span><\/p>\n<p><span style=\"font-size: 19.3528px;\">Vous pourrez nous retrouver au <b>stand B10<\/b>, o\u00f9 nous serons heureux de vous pr\u00e9senter nos derni\u00e8res innovations en mati\u00e8re de gestion de la cha\u00eene d&rsquo;approvisionnement.&nbsp;<\/span><\/p>\n<p><span style=\"font-size: 19.3528px;\">Venez nous rendre visite et d\u00e9couvrez comment notre expertise peut optimiser votre logistique et am\u00e9liorer votre efficacit\u00e9 op\u00e9rationnelle.&nbsp;<\/span><\/p>\n<p><span role=\"image\" aria-label=\"\ud83d\uddd3\" style=\"font-family: var( --e-global-typography-text-font-family ), Sans-serif; font-size: var( --e-global-typography-text-font-size ); font-weight: var( --e-global-typography-text-font-weight ); text-align: var(--text-align); color: var( --e-global-color-text );\">\ud83d\uddd3<\/span><span style=\"font-family: var( --e-global-typography-text-font-family ), Sans-serif; font-size: var( --e-global-typography-text-font-size ); font-weight: var( --e-global-typography-text-font-weight ); text-align: var(--text-align); color: var( --e-global-color-text );\">&nbsp;<\/span><span style=\"font-family: var( --e-global-typography-text-font-family ), Sans-serif; font-size: var( --e-global-typography-text-font-size ); font-weight: var( --e-global-typography-text-font-weight ); text-align: var(--text-align); color: rgb(255, 102, 0);\"><strong>Mardi 14 et Mercredi 15 Novembre<\/strong><\/span><br><\/p>\n<p><span role=\"image\" aria-label=\"\ud83d\udccd\">\ud83d\udccd Paris &#8211; Porte de Versailles<\/span><\/p>\n<p>\u23f0 Stand B10<\/p>\n<p style=\"margin-bottom: 1em;\">Nous avons h\u00e2te de vous rencontrer et de discuter de vos besoins en supply chain. \u00c0 bient\u00f4t \u00e0 Paris Porte de Versailles !<\/p>\t\t\t\t\t\t\t\t<\/div>\n\t\t\t\t<\/div>\n\t\t\t\t<\/div>\n\t\t<div class=\"elementor-element elementor-element-c0c1650 e-flex e-con-boxed wpr-particle-no wpr-jarallax-no wpr-parallax-no wpr-sticky-section-no e-con e-child\" data-id=\"c0c1650\" data-element_type=\"container\" data-e-type=\"container\" data-settings=\"{&quot;background_background&quot;:&quot;classic&quot;}\">\n\t\t\t\t\t<div class=\"e-con-inner\">\n\t\t\t\t<div class=\"elementor-element elementor-element-ea8f820 elementor-widget elementor-widget-html\" data-id=\"ea8f820\" data-element_type=\"widget\" data-e-type=\"widget\" data-widget_type=\"html.default\">\n\t\t\t\t<div class=\"elementor-widget-container\">\n\t\t\t\t\t<div class=\"pipedriveWebForms\" data-pd-webforms=\"https:\/\/webforms.pipedrive.com\/f\/72mpkkAo7ZwIXThZeTZPZD9seB8DoNthHpeLclYaXAVlCJYF8TFxHhPCDW5LphBXiz\"><script src=\"https:\/\/webforms.pipedrive.com\/f\/loader\"><\/script><\/div>\t\t\t\t<\/div>\n\t\t\t\t<\/div>\n\t\t<div class=\"elementor-element elementor-element-478ff3eb e-con-full e-flex wpr-particle-no wpr-jarallax-no wpr-parallax-no wpr-sticky-section-no e-con e-child\" data-id=\"478ff3eb\" data-element_type=\"container\" data-e-type=\"container\">\n\t\t\t\t<div class=\"elementor-element elementor-element-c5494cc elementor-widget elementor-widget-image\" data-id=\"c5494cc\" data-element_type=\"widget\" data-e-type=\"widget\" data-widget_type=\"image.default\">\n\t\t\t\t<div class=\"elementor-widget-container\">\n\t\t\t\t\t\t\t\t\t\t\t\t\t\t\t<img fetchpriority=\"high\" decoding=\"async\" width=\"768\" height=\"216\" src=\"https:\/\/optimix-software.com\/wp-content\/uploads\/Supply-Chain-Event-2023-768x216.webp\" class=\"attachment-medium_large size-medium_large wp-image-16373\" alt=\"Supply Chain Event 2023\" srcset=\"https:\/\/optimix-software.com\/wp-content\/uploads\/Supply-Chain-Event-2023-768x216.webp 768w, https:\/\/optimix-software.com\/wp-content\/uploads\/Supply-Chain-Event-2023-600x169.webp 600w, https:\/\/optimix-software.com\/wp-content\/uploads\/Supply-Chain-Event-2023.webp 804w\" sizes=\"(max-width: 768px) 100vw, 768px\" \/>\t\t\t\t\t\t\t\t\t\t\t\t\t\t\t<\/div>\n\t\t\t\t<\/div>\n\t\t\t\t<\/div>\n\t\t\t\t\t<\/div>\n\t\t\t\t<\/div>\n\t\t\t\t\t<\/div>\n\t\t\t\t<\/div>\n\t\t\t\t<\/div>\n\t\t","protected":false},"excerpt":{"rendered":"<p>Optimix organise avec son client Boulanger,  un atelier Retour d\u2019exp\u00e9rience pour vous expliquer la conduite du changement face \u00e0 la diversification de la concurrence ?<\/p>\n","protected":false},"author":16,"featured_media":0,"parent":0,"menu_order":0,"comment_status":"closed","ping_status":"closed","template":"","meta":{"_eb_attr":"","content-type":"","footnotes":""},"class_list":["post-16367","page","type-page","status-publish","hentry"],"yoast_head":"<!-- This site is optimized with the Yoast SEO Premium plugin v22.8 (Yoast SEO v27.2) - https:\/\/yoast.com\/product\/yoast-seo-premium-wordpress\/ -->\n<title>Supply Chain Event Paris 2023<\/title>\n<meta name=\"description\" content=\"Rendez-vous les 14 et 15 Novembre au Supply Chain Event 2023 \u00e0 Paris Porte de Versailles, inscrivez vous d\u00e8s maintenant !\" \/>\n<meta name=\"robots\" content=\"index, follow, max-snippet:-1, max-image-preview:large, max-video-preview:-1\" \/>\n<link rel=\"canonical\" href=\"https:\/\/optimix-software.com\/fr\/supply-chain-event-2023\/\" \/>\n<meta property=\"og:locale\" content=\"fr_FR\" \/>\n<meta property=\"og:type\" content=\"article\" \/>\n<meta property=\"og:title\" content=\"Supply Chain Event Paris 2023\" \/>\n<meta property=\"og:description\" content=\"Rendez-vous les 14 et 15 Novembre au Supply Chain Event 2023 \u00e0 Paris Porte de Versailles, inscrivez vous d\u00e8s maintenant !\" \/>\n<meta property=\"og:url\" content=\"https:\/\/optimix-software.com\/fr\/supply-chain-event-2023\/\" \/>\n<meta property=\"og:site_name\" content=\"Optimix Solutions\" \/>\n<meta property=\"article:modified_time\" content=\"2023-10-17T13:19:08+00:00\" \/>\n<meta property=\"og:image\" content=\"https:\/\/optimix.fr\/wp-content\/uploads\/Supply-Chain-Event-2023-768x216.webp\" \/>\n<meta name=\"twitter:card\" content=\"summary_large_image\" \/>\n<meta name=\"twitter:label1\" content=\"Dur\u00e9e de lecture estim\u00e9e\" \/>\n\t<meta name=\"twitter:data1\" content=\"1 minute\" \/>\n<script type=\"application\/ld+json\" class=\"yoast-schema-graph\">{\"@context\":\"https:\/\/schema.org\",\"@graph\":[{\"@type\":\"WebPage\",\"@id\":\"https:\/\/optimix-software.com\/fr\/supply-chain-event-2023\/\",\"url\":\"https:\/\/optimix-software.com\/fr\/supply-chain-event-2023\/\",\"name\":\"Supply Chain Event Paris 2023\",\"isPartOf\":{\"@id\":\"https:\/\/optimix-software.com\/fr\/#website\"},\"primaryImageOfPage\":{\"@id\":\"https:\/\/optimix-software.com\/fr\/supply-chain-event-2023\/#primaryimage\"},\"image\":{\"@id\":\"https:\/\/optimix-software.com\/fr\/supply-chain-event-2023\/#primaryimage\"},\"thumbnailUrl\":\"https:\/\/optimix.fr\/wp-content\/uploads\/Supply-Chain-Event-2023-768x216.webp\",\"datePublished\":\"2023-10-03T12:42:34+00:00\",\"dateModified\":\"2023-10-17T13:19:08+00:00\",\"description\":\"Rendez-vous les 14 et 15 Novembre au Supply Chain Event 2023 \u00e0 Paris Porte de Versailles, inscrivez vous d\u00e8s maintenant !\",\"breadcrumb\":{\"@id\":\"https:\/\/optimix-software.com\/fr\/supply-chain-event-2023\/#breadcrumb\"},\"inLanguage\":\"fr-FR\",\"potentialAction\":[{\"@type\":\"ReadAction\",\"target\":[\"https:\/\/optimix-software.com\/fr\/supply-chain-event-2023\/\"]}]},{\"@type\":\"ImageObject\",\"inLanguage\":\"fr-FR\",\"@id\":\"https:\/\/optimix-software.com\/fr\/supply-chain-event-2023\/#primaryimage\",\"url\":\"https:\/\/optimix.fr\/wp-content\/uploads\/Supply-Chain-Event-2023-768x216.webp\",\"contentUrl\":\"https:\/\/optimix.fr\/wp-content\/uploads\/Supply-Chain-Event-2023-768x216.webp\"},{\"@type\":\"BreadcrumbList\",\"@id\":\"https:\/\/optimix-software.com\/fr\/supply-chain-event-2023\/#breadcrumb\",\"itemListElement\":[{\"@type\":\"ListItem\",\"position\":1,\"name\":\"Accueil\",\"item\":\"https:\/\/optimix-software.com\/fr\/\"},{\"@type\":\"ListItem\",\"position\":2,\"name\":\"Supply Chain Event Paris 2023\"}]},{\"@type\":\"WebSite\",\"@id\":\"https:\/\/optimix-software.com\/fr\/#website\",\"url\":\"https:\/\/optimix-software.com\/fr\/\",\"name\":\"Optimix Solutions\",\"description\":\"Editeur de solutions de Pricing et Supply Chain\",\"publisher\":{\"@id\":\"https:\/\/optimix-software.com\/fr\/#organization\"},\"potentialAction\":[{\"@type\":\"SearchAction\",\"target\":{\"@type\":\"EntryPoint\",\"urlTemplate\":\"https:\/\/optimix-software.com\/fr\/?s={search_term_string}\"},\"query-input\":{\"@type\":\"PropertyValueSpecification\",\"valueRequired\":true,\"valueName\":\"search_term_string\"}}],\"inLanguage\":\"fr-FR\"},{\"@type\":\"Organization\",\"@id\":\"https:\/\/optimix-software.com\/fr\/#organization\",\"name\":\"Optimix Software\",\"url\":\"https:\/\/optimix-software.com\/fr\/\",\"logo\":{\"@type\":\"ImageObject\",\"inLanguage\":\"fr-FR\",\"@id\":\"https:\/\/optimix-software.com\/fr\/#\/schema\/logo\/image\/\",\"url\":\"https:\/\/optimix-software.com\/wp-content\/uploads\/logo-carre-optimix-RETAIL-PERFORMANCE-SOFTWARE.jpg\",\"contentUrl\":\"https:\/\/optimix-software.com\/wp-content\/uploads\/logo-carre-optimix-RETAIL-PERFORMANCE-SOFTWARE.jpg\",\"width\":2001,\"height\":2001,\"caption\":\"Optimix Software\"},\"image\":{\"@id\":\"https:\/\/optimix-software.com\/fr\/#\/schema\/logo\/image\/\"},\"sameAs\":[\"https:\/\/www.linkedin.com\/company\/optimix-ffr\/\"]}]}<\/script>\n<!-- \/ Yoast SEO Premium plugin. -->","yoast_head_json":{"title":"Supply Chain Event Paris 2023","description":"Rendez-vous les 14 et 15 Novembre au Supply Chain Event 2023 \u00e0 Paris Porte de Versailles, inscrivez vous d\u00e8s maintenant !","robots":{"index":"index","follow":"follow","max-snippet":"max-snippet:-1","max-image-preview":"max-image-preview:large","max-video-preview":"max-video-preview:-1"},"canonical":"https:\/\/optimix-software.com\/fr\/supply-chain-event-2023\/","og_locale":"fr_FR","og_type":"article","og_title":"Supply Chain Event Paris 2023","og_description":"Rendez-vous les 14 et 15 Novembre au Supply Chain Event 2023 \u00e0 Paris Porte de Versailles, inscrivez vous d\u00e8s maintenant !","og_url":"https:\/\/optimix-software.com\/fr\/supply-chain-event-2023\/","og_site_name":"Optimix Solutions","article_modified_time":"2023-10-17T13:19:08+00:00","og_image":[{"url":"https:\/\/optimix.fr\/wp-content\/uploads\/Supply-Chain-Event-2023-768x216.webp","type":"","width":"","height":""}],"twitter_card":"summary_large_image","twitter_misc":{"Dur\u00e9e de lecture estim\u00e9e":"1 minute"},"schema":{"@context":"https:\/\/schema.org","@graph":[{"@type":"WebPage","@id":"https:\/\/optimix-software.com\/fr\/supply-chain-event-2023\/","url":"https:\/\/optimix-software.com\/fr\/supply-chain-event-2023\/","name":"Supply Chain Event Paris 2023","isPartOf":{"@id":"https:\/\/optimix-software.com\/fr\/#website"},"primaryImageOfPage":{"@id":"https:\/\/optimix-software.com\/fr\/supply-chain-event-2023\/#primaryimage"},"image":{"@id":"https:\/\/optimix-software.com\/fr\/supply-chain-event-2023\/#primaryimage"},"thumbnailUrl":"https:\/\/optimix.fr\/wp-content\/uploads\/Supply-Chain-Event-2023-768x216.webp","datePublished":"2023-10-03T12:42:34+00:00","dateModified":"2023-10-17T13:19:08+00:00","description":"Rendez-vous les 14 et 15 Novembre au Supply Chain Event 2023 \u00e0 Paris Porte de Versailles, inscrivez vous d\u00e8s maintenant !","breadcrumb":{"@id":"https:\/\/optimix-software.com\/fr\/supply-chain-event-2023\/#breadcrumb"},"inLanguage":"fr-FR","potentialAction":[{"@type":"ReadAction","target":["https:\/\/optimix-software.com\/fr\/supply-chain-event-2023\/"]}]},{"@type":"ImageObject","inLanguage":"fr-FR","@id":"https:\/\/optimix-software.com\/fr\/supply-chain-event-2023\/#primaryimage","url":"https:\/\/optimix.fr\/wp-content\/uploads\/Supply-Chain-Event-2023-768x216.webp","contentUrl":"https:\/\/optimix.fr\/wp-content\/uploads\/Supply-Chain-Event-2023-768x216.webp"},{"@type":"BreadcrumbList","@id":"https:\/\/optimix-software.com\/fr\/supply-chain-event-2023\/#breadcrumb","itemListElement":[{"@type":"ListItem","position":1,"name":"Accueil","item":"https:\/\/optimix-software.com\/fr\/"},{"@type":"ListItem","position":2,"name":"Supply Chain Event Paris 2023"}]},{"@type":"WebSite","@id":"https:\/\/optimix-software.com\/fr\/#website","url":"https:\/\/optimix-software.com\/fr\/","name":"Optimix Solutions","description":"Editeur de solutions de Pricing et Supply Chain","publisher":{"@id":"https:\/\/optimix-software.com\/fr\/#organization"},"potentialAction":[{"@type":"SearchAction","target":{"@type":"EntryPoint","urlTemplate":"https:\/\/optimix-software.com\/fr\/?s={search_term_string}"},"query-input":{"@type":"PropertyValueSpecification","valueRequired":true,"valueName":"search_term_string"}}],"inLanguage":"fr-FR"},{"@type":"Organization","@id":"https:\/\/optimix-software.com\/fr\/#organization","name":"Optimix Software","url":"https:\/\/optimix-software.com\/fr\/","logo":{"@type":"ImageObject","inLanguage":"fr-FR","@id":"https:\/\/optimix-software.com\/fr\/#\/schema\/logo\/image\/","url":"https:\/\/optimix-software.com\/wp-content\/uploads\/logo-carre-optimix-RETAIL-PERFORMANCE-SOFTWARE.jpg","contentUrl":"https:\/\/optimix-software.com\/wp-content\/uploads\/logo-carre-optimix-RETAIL-PERFORMANCE-SOFTWARE.jpg","width":2001,"height":2001,"caption":"Optimix Software"},"image":{"@id":"https:\/\/optimix-software.com\/fr\/#\/schema\/logo\/image\/"},"sameAs":["https:\/\/www.linkedin.com\/company\/optimix-ffr\/"]}]}},"_links":{"self":[{"href":"https:\/\/optimix-software.com\/fr\/wp-json\/wp\/v2\/pages\/16367","targetHints":{"allow":["GET"]}}],"collection":[{"href":"https:\/\/optimix-software.com\/fr\/wp-json\/wp\/v2\/pages"}],"about":[{"href":"https:\/\/optimix-software.com\/fr\/wp-json\/wp\/v2\/types\/page"}],"author":[{"embeddable":true,"href":"https:\/\/optimix-software.com\/fr\/wp-json\/wp\/v2\/users\/16"}],"replies":[{"embeddable":true,"href":"https:\/\/optimix-software.com\/fr\/wp-json\/wp\/v2\/comments?post=16367"}],"version-history":[{"count":0,"href":"https:\/\/optimix-software.com\/fr\/wp-json\/wp\/v2\/pages\/16367\/revisions"}],"wp:attachment":[{"href":"https:\/\/optimix-software.com\/fr\/wp-json\/wp\/v2\/media?parent=16367"}],"curies":[{"name":"wp","href":"https:\/\/api.w.org\/{rel}","templated":true}]}}